{"id":273,"date":"2025-02-04T18:54:41","date_gmt":"2025-02-04T18:54:41","guid":{"rendered":"https:\/\/rentaboat-porat.com\/boote\/"},"modified":"2025-02-13T07:24:08","modified_gmt":"2025-02-13T07:24:08","slug":"boote","status":"publish","type":"page","link":"https:\/\/rentaboat-porat.com\/de\/boote\/","title":{"rendered":"Boote"},"content":{"rendered":"<p>[et_pb_section fb_built=&#8220;1&#8243; fullwidth=&#8220;on&#8220; _builder_version=&#8220;4.27.4&#8243; _module_preset=&#8220;default&#8220; global_colors_info=&#8220;{}&#8220;][et_pb_fullwidth_header title=&#8220;Unsere Boote&#8220; text_orientation=&#8220;center&#8220; _builder_version=&#8220;4.27.4&#8243; _module_preset=&#8220;default&#8220; background_enable_color=&#8220;off&#8220; background_image=&#8220;https:\/\/rentaboat-porat.com\/wp-content\/uploads\/2025\/02\/Olivari-42.webp&#8220; global_colors_info=&#8220;{}&#8220;][\/et_pb_fullwidth_header][\/et_pb_section][et_pb_section fb_built=&#8220;1&#8243; _builder_version=&#8220;4.27.4&#8243; _module_preset=&#8220;default&#8220; global_colors_info=&#8220;{}&#8220;][et_pb_row column_structure=&#8220;1_2,1_2&#8243; use_custom_gutter=&#8220;on&#8220; gutter_width=&#8220;2&#8243; _builder_version=&#8220;4.27.4&#8243; _module_preset=&#8220;default&#8220; custom_margin=&#8220;0px||0px||false|false&#8220; custom_padding=&#8220;6px||6px||false|false&#8220; global_module=&#8220;220&#8243; global_colors_info=&#8220;{}&#8220;][et_pb_column type=&#8220;1_2&#8243; _builder_version=&#8220;4.27.4&#8243; _module_preset=&#8220;default&#8220; global_colors_info=&#8220;{}&#8220;][dsm_flipbox flipbox_height=&#8220;280px&#8220; _builder_version=&#8220;4.27.4&#8243; _module_preset=&#8220;default&#8220; header_text_align=&#8220;center&#8220; content_text_align=&#8220;center&#8220; global_colors_info=&#8220;{}&#8220;][dsm_flipbox_child title=&#8220;Quicksilver Activ 755 Sonnendeck&#8220; button_url_new_window=&#8220;1&#8243; _builder_version=&#8220;4.27.4&#8243; _module_preset=&#8220;default&#8220; header_text_color=&#8220;#FFFFFF&#8220; background_image=&#8220;https:\/\/rentaboat-porat.com\/wp-content\/uploads\/2025\/02\/quicksilver-755-1.webp&#8220; background_enable_image=&#8220;on&#8220; header_text_shadow_style=&#8220;preset2&#8243; global_colors_info=&#8220;{}&#8220; parent_header_level=&#8220;h4&#8243;][\/dsm_flipbox_child][dsm_flipbox_child title=&#8220;Quicksilver Activ 755 Sonnendeck&#8220; button_url_new_window=&#8220;1&#8243; _builder_version=&#8220;4.27.4&#8243; _dynamic_attributes=&#8220;link_option_url&#8220; _module_preset=&#8220;default&#8220; background_color=&#8220;#0C71C3&#8243; background_enable_color=&#8220;on&#8220; background_layout=&#8220;dark&#8220; custom_padding=&#8220;|20px||20px|false|false&#8220; link_option_url=&#8220;@ET-DC@eyJkeW5hbWljIjp0cnVlLCJjb250ZW50IjoicG9zdF9saW5rX3VybF9wYWdlIiwic2V0dGluZ3MiOnsicG9zdF9pZCI6IjUwIiwiZW5hYmxlX2h0bWwiOiJvZmYifX0=@&#8220; global_colors_info=&#8220;{}&#8220; parent_header_level=&#8220;h4&#8243;]Erleben Sie die ultimative Vielseitigkeit des Quicksilver Activ 755 Sundeck mit einem leistungsstarken <strong>300-PS-Yamaha-Motor<\/strong>, einem ger\u00e4umigen Grundriss <strong>von 7,62 m<\/strong> und einer <strong>Kapazit\u00e4t f\u00fcr 8 Personen<\/strong>, die f\u00fcr schnelle Tagesausfl\u00fcge, Wassersport und sonnenverw\u00f6hnte Entspannung ausgelegt ist.[\/dsm_flipbox_child][\/dsm_flipbox][\/et_pb_column][et_pb_column type=&#8220;1_2&#8243; _builder_version=&#8220;4.27.4&#8243; _module_preset=&#8220;default&#8220; global_colors_info=&#8220;{}&#8220;][dsm_flipbox flipbox_height=&#8220;280px&#8220; _builder_version=&#8220;4.27.4&#8243; _module_preset=&#8220;default&#8220; header_text_align=&#8220;center&#8220; content_text_align=&#8220;center&#8220; global_colors_info=&#8220;{}&#8220;][dsm_flipbox_child title=&#8220;Elan 650 Kabine&#8220; button_url_new_window=&#8220;1&#8243; _builder_version=&#8220;4.27.4&#8243; _module_preset=&#8220;default&#8220; header_text_color=&#8220;#FFFFFF&#8220; background_image=&#8220;https:\/\/rentaboat-porat.com\/wp-content\/uploads\/2025\/02\/elan-650-cabin-1.webp&#8220; background_enable_image=&#8220;on&#8220; header_text_shadow_style=&#8220;preset2&#8243; global_colors_info=&#8220;{}&#8220; parent_header_level=&#8220;h4&#8243;][\/dsm_flipbox_child][dsm_flipbox_child title=&#8220;Elan 650 Kabine&#8220; button_url_new_window=&#8220;1&#8243; _builder_version=&#8220;4.27.4&#8243; _dynamic_attributes=&#8220;link_option_url&#8220; _module_preset=&#8220;default&#8220; background_color=&#8220;#0C71C3&#8243; background_enable_color=&#8220;on&#8220; background_layout=&#8220;dark&#8220; custom_padding=&#8220;|20px||20px|false|true&#8220; link_option_url=&#8220;@ET-DC@eyJkeW5hbWljIjp0cnVlLCJjb250ZW50IjoicG9zdF9saW5rX3VybF9wYWdlIiwic2V0dGluZ3MiOnsicG9zdF9pZCI6IjUyIiwiZW5hYmxlX2h0bWwiOiJvZmYifX0=@&#8220; global_colors_info=&#8220;{}&#8220; parent_header_level=&#8220;h4&#8243;]<\/p>\n<p>Segeln Sie bequem mit der Elan 650 Cabin, die von einem zuverl\u00e4ssigen <strong>200 PS Yamaha-Motor<\/strong> angetrieben wird und mit einem <strong>6,55 m langen<\/strong> Rumpf und einer sicheren <strong>7-Personen-Kapazit\u00e4t<\/strong> f\u00fcr reibungslose Leistung und Seelenfrieden auf jeder Reise sorgt.<\/p>\n<p>[\/dsm_flipbox_child][\/dsm_flipbox][\/et_pb_column][\/et_pb_row][et_pb_row column_structure=&#8220;1_2,1_2&#8243; use_custom_gutter=&#8220;on&#8220; gutter_width=&#8220;2&#8243; _builder_version=&#8220;4.27.4&#8243; _module_preset=&#8220;default&#8220; custom_margin=&#8220;0px||0px||false|false&#8220; custom_padding=&#8220;6px||6px||false|false&#8220; global_module=&#8220;221&#8243; global_colors_info=&#8220;{}&#8220;][et_pb_column type=&#8220;1_2&#8243; _builder_version=&#8220;4.27.4&#8243; _module_preset=&#8220;default&#8220; global_colors_info=&#8220;{}&#8220;][dsm_flipbox flipbox_height=&#8220;280px&#8220; _builder_version=&#8220;4.27.4&#8243; _module_preset=&#8220;default&#8220; header_text_align=&#8220;center&#8220; content_text_align=&#8220;center&#8220; global_colors_info=&#8220;{}&#8220;][dsm_flipbox_child title=&#8220;Marinello 19 Fischer&#8220; button_url_new_window=&#8220;1&#8243; _builder_version=&#8220;4.27.4&#8243; _module_preset=&#8220;default&#8220; header_text_color=&#8220;#FFFFFF&#8220; background_image=&#8220;https:\/\/rentaboat-porat.com\/wp-content\/uploads\/2025\/02\/marinello-19-1.webp&#8220; background_enable_image=&#8220;on&#8220; header_text_shadow_style=&#8220;preset2&#8243; global_colors_info=&#8220;{}&#8220; parent_header_level=&#8220;h4&#8243;][\/dsm_flipbox_child][dsm_flipbox_child title=&#8220;Marinello 19 Fischer&#8220; button_url_new_window=&#8220;1&#8243; _builder_version=&#8220;4.27.4&#8243; _dynamic_attributes=&#8220;link_option_url&#8220; _module_preset=&#8220;default&#8220; background_color=&#8220;rgba(193,193,193,0.2)&#8220; background_enable_color=&#8220;on&#8220; custom_padding=&#8220;|20px||20px|false|true&#8220; link_option_url=&#8220;@ET-DC@eyJkeW5hbWljIjp0cnVlLCJjb250ZW50IjoicG9zdF9saW5rX3VybF9wYWdlIiwic2V0dGluZ3MiOnsicG9zdF9pZCI6IjQ2IiwiZW5hYmxlX2h0bWwiOiJvZmYifX0=@&#8220; global_colors_info=&#8220;{}&#8220; parent_header_level=&#8220;h4&#8243;]Segeln Sie selbstbewusst an Bord der Marinello 19 Fisherman, die mit einem leistungsstarken <strong>Yamaha-Motor mit 115 PS<\/strong>, einer L\u00e4nge <strong>von 5,80 m<\/strong> und einer sicheren <strong>Kapazit\u00e4t f\u00fcr 7 Personen<\/strong>ausgestattet ist <strong>&#8211; und das alles<\/strong>mit erstklassigem italienischem Design und \u00fcberlegenem Handling.[\/dsm_flipbox_child][\/dsm_flipbox][\/et_pb_column][et_pb_column type=&#8220;1_2&#8243; _builder_version=&#8220;4.27.4&#8243; _module_preset=&#8220;default&#8220; global_colors_info=&#8220;{}&#8220;][dsm_flipbox flipbox_height=&#8220;280px&#8220; _builder_version=&#8220;4.27.4&#8243; _module_preset=&#8220;default&#8220; header_text_align=&#8220;center&#8220; content_text_align=&#8220;center&#8220; global_colors_info=&#8220;{}&#8220;][dsm_flipbox_child title=&#8220;Salmeri Syros 190&#8243; button_url_new_window=&#8220;1&#8243; _builder_version=&#8220;4.27.4&#8243; _module_preset=&#8220;default&#8220; header_text_color=&#8220;#FFFFFF&#8220; background_image=&#8220;https:\/\/rentaboat-porat.com\/wp-content\/uploads\/2025\/02\/salmeri-syros-190-1.webp&#8220; background_enable_image=&#8220;on&#8220; header_text_shadow_style=&#8220;preset2&#8243; global_colors_info=&#8220;{}&#8220; parent_header_level=&#8220;h4&#8243;][\/dsm_flipbox_child][dsm_flipbox_child title=&#8220;Salmeri Syros 190&#8243; button_url_new_window=&#8220;1&#8243; _builder_version=&#8220;4.27.4&#8243; _dynamic_attributes=&#8220;link_option_url&#8220; _module_preset=&#8220;default&#8220; background_color=&#8220;rgba(193,193,193,0.2)&#8220; background_enable_color=&#8220;on&#8220; custom_padding=&#8220;|20px||20px|false|true&#8220; link_option_url=&#8220;@ET-DC@eyJkeW5hbWljIjp0cnVlLCJjb250ZW50IjoicG9zdF9saW5rX3VybF9wYWdlIiwic2V0dGluZ3MiOnsicG9zdF9pZCI6IjQ0IiwiZW5hYmxlX2h0bWwiOiJvZmYifX0=@&#8220; global_colors_info=&#8220;{}&#8220; parent_header_level=&#8220;h4&#8243;]<\/p>\n<p>Erleben Sie sicheres Segeln auf der Salmeri Syros 190, die mit einem robusten <strong>115 PS Mercury-Motor<\/strong>, <strong>Platz f\u00fcr 7 Personen<\/strong> und einem schlanken <strong>5,80 m langen<\/strong> Rumpf f\u00fcr \u00fcberlegene Leistung und italienische Handwerkskunst steht.<\/p>\n<p>[\/dsm_flipbox_child][\/dsm_flipbox][\/et_pb_column][\/et_pb_row][et_pb_row column_structure=&#8220;1_2,1_2&#8243; use_custom_gutter=&#8220;on&#8220; gutter_width=&#8220;2&#8243; _builder_version=&#8220;4.27.4&#8243; _module_preset=&#8220;default&#8220; custom_margin=&#8220;0px||0px||false|false&#8220; custom_padding=&#8220;6px||6px||false|false&#8220; global_module=&#8220;222&#8243; global_colors_info=&#8220;{}&#8220;][et_pb_column type=&#8220;1_2&#8243; _builder_version=&#8220;4.27.4&#8243; _module_preset=&#8220;default&#8220; global_colors_info=&#8220;{}&#8220;][dsm_flipbox flipbox_height=&#8220;280px&#8220; _builder_version=&#8220;4.27.4&#8243; _module_preset=&#8220;default&#8220; header_text_align=&#8220;center&#8220; content_text_align=&#8220;center&#8220; global_colors_info=&#8220;{}&#8220;][dsm_flipbox_child title=&#8220;Zar 75&#8243; button_url_new_window=&#8220;1&#8243; _builder_version=&#8220;4.27.4&#8243; _module_preset=&#8220;default&#8220; header_text_color=&#8220;#FFFFFF&#8220; background_image=&#8220;https:\/\/rentaboat-porat.com\/wp-content\/uploads\/2025\/02\/zar-75.jpg&#8220; background_enable_image=&#8220;on&#8220; header_text_shadow_style=&#8220;preset2&#8243; global_colors_info=&#8220;{}&#8220; parent_header_level=&#8220;h4&#8243;][\/dsm_flipbox_child][dsm_flipbox_child title=&#8220;Zar 75&#8243; button_url_new_window=&#8220;1&#8243; _builder_version=&#8220;4.27.4&#8243; _dynamic_attributes=&#8220;link_option_url&#8220; _module_preset=&#8220;default&#8220; background_color=&#8220;#0C71C3&#8243; background_enable_color=&#8220;on&#8220; background_layout=&#8220;dark&#8220; custom_padding=&#8220;|20px||20px|false|true&#8220; link_option_url=&#8220;@ET-DC@eyJkeW5hbWljIjp0cnVlLCJjb250ZW50IjoicG9zdF9saW5rX3VybF9wYWdlIiwic2V0dGluZ3MiOnsicG9zdF9pZCI6IjQyIiwiZW5hYmxlX2h0bWwiOiJvZmYifX0=@&#8220; global_colors_info=&#8220;{}&#8220; parent_header_level=&#8220;h4&#8243;]<\/p>\n<p>Die Zar 75 ist ein dynamisches, <strong>7,42 m langes<\/strong> Boot mit einem robusten <strong>300 PS Yamaha-Motor<\/strong> und bietet Platz f\u00fcr bis zu <strong>12 G\u00e4ste<\/strong> mit individuell anpassbaren Wohnoptionen f\u00fcr ein flexibles, luxuri\u00f6ses Bootserlebnis.<\/p>\n<p>[\/dsm_flipbox_child][\/dsm_flipbox][\/et_pb_column][et_pb_column type=&#8220;1_2&#8243; _builder_version=&#8220;4.27.4&#8243; _module_preset=&#8220;default&#8220; global_colors_info=&#8220;{}&#8220;][dsm_flipbox flipbox_height=&#8220;280px&#8220; _builder_version=&#8220;4.27.4&#8243; _module_preset=&#8220;default&#8220; header_text_align=&#8220;center&#8220; content_text_align=&#8220;center&#8220; custom_padding=&#8220;||||false|false&#8220; global_colors_info=&#8220;{}&#8220;][dsm_flipbox_child title=&#8220;Orizzonti 620 Offen | Andromeda&#8220; button_url_new_window=&#8220;1&#8243; _builder_version=&#8220;4.27.4&#8243; _module_preset=&#8220;default&#8220; header_text_color=&#8220;#FFFFFF&#8220; background_image=&#8220;https:\/\/rentaboat-porat.com\/wp-content\/uploads\/2025\/02\/andromeda-620-1.webp&#8220; background_enable_image=&#8220;on&#8220; header_text_shadow_style=&#8220;preset2&#8243; global_colors_info=&#8220;{}&#8220; parent_header_level=&#8220;h4&#8243;][\/dsm_flipbox_child][dsm_flipbox_child title=&#8220;Orizzonti 620 Offen | Andromeda&#8220; button_url_new_window=&#8220;1&#8243; _builder_version=&#8220;4.27.4&#8243; _dynamic_attributes=&#8220;link_option_url&#8220; _module_preset=&#8220;default&#8220; background_color=&#8220;#0C71C3&#8243; background_enable_color=&#8220;on&#8220; background_layout=&#8220;dark&#8220; custom_padding=&#8220;|20px||20px|false|true&#8220; link_option_url=&#8220;@ET-DC@eyJkeW5hbWljIjp0cnVlLCJjb250ZW50IjoicG9zdF9saW5rX3VybF9wYWdlIiwic2V0dGluZ3MiOnsicG9zdF9pZCI6IjQ4IiwiZW5hYmxlX2h0bWwiOiJvZmYifX0=@&#8220; global_colors_info=&#8220;{}&#8220; parent_header_level=&#8220;h4&#8243;]<\/p>\n<p>Entdecken Sie das dynamische Cruisen mit der Orizzonti 620 Open-Andromeda, die mit einem robusten <strong>100 PS Yamaha-Motor<\/strong>, einem ger\u00e4umigen <strong>6,35 m langen<\/strong> Design und einer komfortablen <strong>7-Personen-Kapazit\u00e4t<\/strong> f\u00fcr unvergessliche Freiwasserabenteuer ausgestattet ist.<\/p>\n<p>[\/dsm_flipbox_child][\/dsm_flipbox][\/et_pb_column][\/et_pb_row][et_pb_row column_structure=&#8220;1_4,1_4,1_4,1_4&#8243; _builder_version=&#8220;4.27.4&#8243; _module_preset=&#8220;default&#8220; custom_padding=&#8220;173px|||||&#8220; global_colors_info=&#8220;{}&#8220;][et_pb_column type=&#8220;1_4&#8243; _builder_version=&#8220;4.27.4&#8243; _module_preset=&#8220;default&#8220; global_colors_info=&#8220;{}&#8220;][et_pb_blurb title=&#8220;Rufen Sie uns an&#8220; use_icon=&#8220;on&#8220; font_icon=&#8220;&#xe090;||divi||400&#8243; icon_color=&#8220;#000000&#8243; _builder_version=&#8220;4.27.4&#8243; _module_preset=&#8220;default&#8220; text_orientation=&#8220;center&#8220; global_colors_info=&#8220;{}&#8220;]<\/p>\n<p><a href=\"tel:00385915331273\"><span>+385 (0) 91 533 1273<\/span><\/a><\/p>\n<p>[\/et_pb_blurb][\/et_pb_column][et_pb_column type=&#8220;1_4&#8243; _builder_version=&#8220;4.27.4&#8243; _module_preset=&#8220;default&#8220; global_colors_info=&#8220;{}&#8220;][et_pb_blurb title=&#8220;E-Mail&#8220; use_icon=&#8220;on&#8220; font_icon=&#8220;&#xf0e0;||fa||900&#8243; icon_color=&#8220;#000000&#8243; _builder_version=&#8220;4.27.4&#8243; _module_preset=&#8220;default&#8220; text_orientation=&#8220;center&#8220; global_colors_info=&#8220;{}&#8220;]<\/p>\n<p><a href=\"mailto:porat.rentaboat@gmail.com\">porat.rentaboat@gmail.com<\/a><\/p>\n<p>[\/et_pb_blurb][\/et_pb_column][et_pb_column type=&#8220;1_4&#8243; _builder_version=&#8220;4.27.4&#8243; _module_preset=&#8220;default&#8220; global_colors_info=&#8220;{}&#8220;][et_pb_blurb title=&#8220;Instagram&#8220; use_icon=&#8220;on&#8220; font_icon=&#8220;&#xe09a;||divi||400&#8243; icon_color=&#8220;#000000&#8243; _builder_version=&#8220;4.27.4&#8243; _module_preset=&#8220;default&#8220; text_orientation=&#8220;center&#8220; global_colors_info=&#8220;{}&#8220;]<\/p>\n<p><a href=\"https:\/\/www.instagram.com\/rentaboat_porat\/\" target=\"_blank\" rel=\"noopener\"><span>@rentaboat_porat<\/span><\/a><\/p>\n<p>[\/et_pb_blurb][\/et_pb_column][et_pb_column type=&#8220;1_4&#8243; _builder_version=&#8220;4.27.4&#8243; _module_preset=&#8220;default&#8220; global_colors_info=&#8220;{}&#8220;][et_pb_blurb title=&#8220;Standort&#8220; use_icon=&#8220;on&#8220; font_icon=&#8220;&#xe083;||divi||400&#8243; icon_color=&#8220;#000000&#8243; _builder_version=&#8220;4.27.4&#8243; _module_preset=&#8220;default&#8220; text_orientation=&#8220;center&#8220; global_colors_info=&#8220;{}&#8220;]Porat 51511, Malinska, Insel Krk[\/et_pb_blurb][\/et_pb_column][\/et_pb_row][\/et_pb_section][et_pb_section fb_built=&#8220;1&#8243; fullwidth=&#8220;on&#8220; _builder_version=&#8220;4.27.4&#8243; _module_preset=&#8220;default&#8220; global_colors_info=&#8220;{}&#8220;][et_pb_fullwidth_map address=&#8220;51511, Malinska, Hrvatska&#8220; zoom_level=&#8220;16&#8243; address_lat=&#8220;45.1250642&#8243; address_lng=&#8220;14.5288239&#8243; _builder_version=&#8220;4.27.4&#8243; _module_preset=&#8220;default&#8220; global_colors_info=&#8220;{}&#8220;][et_pb_map_pin pin_address=&#8220;Obala 22, 51511, Malinska, Hrvatska&#8220; zoom_level=&#8220;20&#8243; pin_address_lat=&#8220;45.124303424485&#8243; pin_address_lng=&#8220;14.525990146176&#8243; _builder_version=&#8220;4.27.4&#8243; _module_preset=&#8220;default&#8220; global_colors_info=&#8220;{}&#8220;][\/et_pb_map_pin][\/et_pb_fullwidth_map][\/et_pb_section]<\/p>\n","protected":false},"excerpt":{"rendered":"<p><div class=\"et_pb_module dsm_flipbox dsm_flipbox_0\">\n\t\t\t\t\n\t\t\t\t\n\t\t\t\t\n\t\t\t\t\n\t\t\t\t\n\t\t\t\t\n\t\t\t\t<div class=\"et_pb_module_inner\">\n\t\t\t\t\t<div class=\"dsm-flipbox dsm-flipbox-effect-right dsm_flipbox_hover\"><div class=\"et_pb_module dsm_flipbox_child dsm_flipbox_child_0 et_pb_bg_layout_light  dsm_flipbox_icon_position_top\">\n\t\t\t\t\n\t\t\t\t\n\t\t\t\t\n\t\t\t\t\n\t\t\t\t\n\t\t\t\t\n\t\t\t\t<div class=\"et_pb_module_inner\">\n\t\t\t\t\t\n\t\t\t\n\t\t\t<div class=\"dsm_flipbox_wrapper et_pb_text_align_left\">\n\t\t\t\t<h4 class=\"dsm-title et_pb_module_header\">Quicksilver Activ 755 Sonnendeck<\/h4>\n\t\t\t\t\n\t\t\t\t\n\t\t\t\t\n\t\t\t<\/div>\n\t\t\t\t<\/div>\n\t\t\t<\/div><div class=\"et_pb_module dsm_flipbox_child dsm_flipbox_child_1 et_pb_bg_layout_dark  dsm_flipbox_icon_position_top\">\n\t\t\t\t\n\t\t\t\t\n\t\t\t\t\n\t\t\t\t\n\t\t\t\t\n\t\t\t\t\n\t\t\t\t<div class=\"et_pb_module_inner\">\n\t\t\t\t\t\n\t\t\t\n\t\t\t<div class=\"dsm_flipbox_wrapper et_pb_text_align_left\">\n\t\t\t\t<h4 class=\"dsm-title et_pb_module_header\">Quicksilver Activ 755 Sonnendeck<\/h4>\n\t\t\t\t\n\t\t\t\t<div class=\"dsm-content\">Erleben Sie die ultimative Vielseitigkeit des Quicksilver Activ 755 Sundeck mit einem leistungsstarken 300-PS-Yamaha-Motor, einem ger\u00e4umigen Grundriss von 7,62 m und einer Kapazit\u00e4t f\u00fcr 8 Personen, die f\u00fcr schnelle Tagesausfl\u00fcge, Wassersport und sonnenverw\u00f6hnte Entspannung ausgelegt ist.<\/div>\n\t\t\t\t\n\t\t\t<\/div>\n\t\t\t\t<\/div>\n\t\t\t<\/div><\/div>\n\t\t\t\t<\/div>\n\t\t\t<\/div><div class=\"et_pb_module dsm_flipbox dsm_flipbox_1\">\n\t\t\t\t\n\t\t\t\t\n\t\t\t\t\n\t\t\t\t\n\t\t\t\t\n\t\t\t\t\n\t\t\t\t<div class=\"et_pb_module_inner\">\n\t\t\t\t\t<div class=\"dsm-flipbox dsm-flipbox-effect-right dsm_flipbox_hover\"><div class=\"et_pb_module dsm_flipbox_child dsm_flipbox_child_2 et_pb_bg_layout_light  dsm_flipbox_icon_position_top\">\n\t\t\t\t\n\t\t\t\t\n\t\t\t\t\n\t\t\t\t\n\t\t\t\t\n\t\t\t\t\n\t\t\t\t<div class=\"et_pb_module_inner\">\n\t\t\t\t\t\n\t\t\t\n\t\t\t<div class=\"dsm_flipbox_wrapper et_pb_text_align_left\">\n\t\t\t\t<h4 class=\"dsm-title et_pb_module_header\">Elan 650 Kabine<\/h4>\n\t\t\t\t\n\t\t\t\t\n\t\t\t\t\n\t\t\t<\/div>\n\t\t\t\t<\/div>\n\t\t\t<\/div><div class=\"et_pb_module dsm_flipbox_child dsm_flipbox_child_3 et_pb_bg_layout_dark  dsm_flipbox_icon_position_top\">\n\t\t\t\t\n\t\t\t\t\n\t\t\t\t\n\t\t\t\t\n\t\t\t\t\n\t\t\t\t\n\t\t\t\t<div class=\"et_pb_module_inner\">\n\t\t\t\t\t\n\t\t\t\n\t\t\t<div class=\"dsm_flipbox_wrapper et_pb_text_align_left\">\n\t\t\t\t<h4 class=\"dsm-title et_pb_module_header\">Elan 650 Kabine<\/h4>\n\t\t\t\t\n\t\t\t\t<div class=\"dsm-content\">Segeln Sie bequem mit der Elan 650 Cabin, die von einem zuverl\u00e4ssigen 200 PS Yamaha-Motor angetrieben wird und mit einem 6,55 m langen Rumpf und einer sicheren 7-Personen-Kapazit\u00e4t f\u00fcr reibungslose Leistung und Seelenfrieden auf jeder Reise sorgt.<\/div>\n\t\t\t\t\n\t\t\t<\/div>\n\t\t\t\t<\/div>\n\t\t\t<\/div><\/div>\n\t\t\t\t<\/div>\n\t\t\t<\/div><div class=\"et_pb_module dsm_flipbox dsm_flipbox_2\">\n\t\t\t\t\n\t\t\t\t\n\t\t\t\t\n\t\t\t\t\n\t\t\t\t\n\t\t\t\t\n\t\t\t\t<div class=\"et_pb_module_inner\">\n\t\t\t\t\t<div class=\"dsm-flipbox dsm-flipbox-effect-right dsm_flipbox_hover\"><\/div>\n\t\t\t\t<\/div>\n\t\t\t<\/div><div class=\"et_pb_module dsm_flipbox_child dsm_flipbox_child_4 et_pb_bg_layout_light  dsm_flipbox_icon_position_top\">\n\t\t\t\t\n\t\t\t\t\n\t\t\t\t\n\t\t\t\t\n\t\t\t\t\n\t\t\t\t\n\t\t\t\t<div class=\"et_pb_module_inner\">\n\t\t\t\t\t\n\t\t\t\n\t\t\t<div class=\"dsm_flipbox_wrapper et_pb_text_align_left\">\n\t\t\t\t<h4 class=\"dsm-title et_pb_module_header\">Marinello 19 Fischer<\/h4>\n\t\t\t\t\n\t\t\t\t\n\t\t\t\t\n\t\t\t<\/div>\n\t\t\t\t<\/div>\n\t\t\t<\/div><div class=\"et_pb_module dsm_flipbox_child dsm_flipbox_child_5 et_pb_bg_layout_light  dsm_flipbox_icon_position_top\">\n\t\t\t\t\n\t\t\t\t\n\t\t\t\t\n\t\t\t\t\n\t\t\t\t\n\t\t\t\t\n\t\t\t\t<div class=\"et_pb_module_inner\">\n\t\t\t\t\t\n\t\t\t\n\t\t\t<div class=\"dsm_flipbox_wrapper et_pb_text_align_left\">\n\t\t\t\t<h4 class=\"dsm-title et_pb_module_header\">Marinello 19 Fischer<\/h4>\n\t\t\t\t\n\t\t\t\t\n\t\t\t\t\n\t\t\t<\/div>\n\t\t\t\t<\/div>\n\t\t\t<\/div>Segeln Sie selbstbewusst an Bord der Marinello 19 Fisherman, die mit einem leistungsstarken Yamaha-Motor mit 115 PS, einer L\u00e4nge von 5,80 m und einer sicheren Kapazit\u00e4t f\u00fcr 7 Personenausgestattet ist &#8211; und [&hellip;]<\/p>\n","protected":false},"author":1,"featured_media":0,"parent":0,"menu_order":0,"comment_status":"closed","ping_status":"closed","template":"","meta":{"_et_pb_use_builder":"on","_et_pb_old_content":"","_et_gb_content_width":"","footnotes":""},"class_list":["post-273","page","type-page","status-publish","hentry"],"_links":{"self":[{"href":"https:\/\/rentaboat-porat.com\/de\/wp-json\/wp\/v2\/pages\/273","targetHints":{"allow":["GET"]}}],"collection":[{"href":"https:\/\/rentaboat-porat.com\/de\/wp-json\/wp\/v2\/pages"}],"about":[{"href":"https:\/\/rentaboat-porat.com\/de\/wp-json\/wp\/v2\/types\/page"}],"author":[{"embeddable":true,"href":"https:\/\/rentaboat-porat.com\/de\/wp-json\/wp\/v2\/users\/1"}],"replies":[{"embeddable":true,"href":"https:\/\/rentaboat-porat.com\/de\/wp-json\/wp\/v2\/comments?post=273"}],"version-history":[{"count":5,"href":"https:\/\/rentaboat-porat.com\/de\/wp-json\/wp\/v2\/pages\/273\/revisions"}],"predecessor-version":[{"id":482,"href":"https:\/\/rentaboat-porat.com\/de\/wp-json\/wp\/v2\/pages\/273\/revisions\/482"}],"wp:attachment":[{"href":"https:\/\/rentaboat-porat.com\/de\/wp-json\/wp\/v2\/media?parent=273"}],"curies":[{"name":"wp","href":"https:\/\/api.w.org\/{rel}","templated":true}]}}